{"id":645,"date":"2025-09-11T11:30:14","date_gmt":"2025-09-11T09:30:14","guid":{"rendered":"https:\/\/hiddenhotels.com\/seda-club\/plan\/un-viaje-por-la-historia-y-la-belleza-de-carmen-de-los-martires\/"},"modified":"2025-09-22T10:58:12","modified_gmt":"2025-09-22T08:58:12","slug":"a-journey-through-the-history-and-beauty-of-carmen-de-los-martires","status":"publish","type":"plan","link":"https:\/\/hiddenhotels.com\/seda-club\/en\/plan\/a-journey-through-the-history-and-beauty-of-carmen-de-los-martires\/","title":{"rendered":"A journey through the history and beauty of Carmen de los M\u00e1rtires"},"content":{"rendered":"<div data-elementor-type=\"wp-post\" data-elementor-id=\"645\" class=\"elementor elementor-645\" data-elementor-post-type=\"plan\">\n\t\t\t\t<div class=\"elementor-element elementor-element-12ae720e e-flex e-con-boxed e-con e-parent\" data-id=\"12ae720e\" data-element_type=\"container\">\n\t\t\t\t\t<div class=\"e-con-inner\">\n\t\t\t\t<div class=\"elementor-element elementor-element-5756bae0 elementor-widget elementor-widget-button\" data-id=\"5756bae0\" data-element_type=\"widget\" data-widget_type=\"button.default\">\n\t\t\t\t<div class=\"elementor-widget-container\">\n\t\t\t\t\t\t\t\t\t<div class=\"elementor-button-wrapper\">\n\t\t\t\t\t<a class=\"elementor-button elementor-button-link elementor-size-sm\" href=\"https:\/\/hiddenhotels.com\/seda-club\/en\/get-inspired\/\" target=\"_blank\">\n\t\t\t\t\t\t<span class=\"elementor-button-content-wrapper\">\n\t\t\t\t\t\t<span class=\"elementor-button-icon\">\n\t\t\t\t<svg xmlns=\"http:\/\/www.w3.org\/2000\/svg\" width=\"24\" height=\"24\" viewbox=\"0 0 24 24\" fill=\"none\"><path fill-rule=\"evenodd\" clip-rule=\"evenodd\" d=\"M11.2349 18.707L4.65275 12.36C4.55502 12.2657 4.49982 12.1358 4.49982 12C4.49982 11.8643 4.55502 11.7344 4.65275 11.6401L11.2349 5.29305L11.929 6.0129L6.23866 11.5H19.4998V12.5H6.23866L11.929 17.9872L11.2349 18.707Z\" fill=\"#111111\"><\/path><\/svg>\t\t\t<\/span>\n\t\t\t\t\t\t\t\t\t<span class=\"elementor-button-text\">BACK TO EXPERIENCES IN GRANADA<\/span>\n\t\t\t\t\t<\/span>\n\t\t\t\t\t<\/a>\n\t\t\t\t<\/div>\n\t\t\t\t\t\t\t\t<\/div>\n\t\t\t\t<\/div>\n\t\t<div class=\"elementor-element elementor-element-5f8a5122 e-con-full e-flex e-con e-child\" data-id=\"5f8a5122\" data-element_type=\"container\">\n\t\t<div class=\"elementor-element elementor-element-7506f5a e-con-full e-flex e-con e-child\" data-id=\"7506f5a\" data-element_type=\"container\">\n\t\t\t\t<div class=\"elementor-element elementor-element-6181c087 elementor-widget-mobile_extra__width-initial elementor-widget elementor-widget-heading\" data-id=\"6181c087\" data-element_type=\"widget\" data-widget_type=\"heading.default\">\n\t\t\t\t<div class=\"elementor-widget-container\">\n\t\t\t\t\t<h1 class=\"elementor-heading-title elementor-size-default\">A journey through the history and beauty of Carmen de los M\u00e1rtires<\/h1>\t\t\t\t<\/div>\n\t\t\t\t<\/div>\n\t\t\t\t<div class=\"elementor-element elementor-element-3a8c1df3 elementor-widget elementor-widget-post-info\" data-id=\"3a8c1df3\" data-element_type=\"widget\" data-widget_type=\"post-info.default\">\n\t\t\t\t<div class=\"elementor-widget-container\">\n\t\t\t\t\t\t\t<ul class=\"elementor-inline-items elementor-icon-list-items elementor-post-info\">\n\t\t\t\t\t\t\t\t<li class=\"elementor-icon-list-item elementor-repeater-item-3fb7968 elementor-inline-item\" itemprop=\"datePublished\">\n\t\t\t\t\t\t\t\t\t\t\t\t\t<span class=\"elementor-icon-list-text elementor-post-info__item elementor-post-info__item--type-date\">\n\t\t\t\t\t\t\t\t\t\t<time>September 11, 2025<\/time>\t\t\t\t\t<\/span>\n\t\t\t\t\t\t\t\t<\/li>\n\t\t\t\t<\/ul>\n\t\t\t\t\t\t<\/div>\n\t\t\t\t<\/div>\n\t\t\t\t<div class=\"elementor-element elementor-element-421a57df elementor-widget elementor-widget-text-editor\" data-id=\"421a57df\" data-element_type=\"widget\" data-widget_type=\"text-editor.default\">\n\t\t\t\t<div class=\"elementor-widget-container\">\n\t\t\t\t\t\t\t\t\t<p>Nestled on the southern slopes of the Mauror hill, within the Alhambra, Carmen de los M\u00e1rtires is one of the most fascinating gardens in Granada. Its seven hectares are home to a combination of green spaces that have evolved over the centuries from its origins as a place of seclusion to become an exquisite landscape setting.<\/p><p>This enclave, once known as Campo de Ahabul by the Arabs, was a territory where Christian prisoners were held, earning it the name of Corral de los Cautivos (Corral of the Captives). It was here that Boabdil left to hand over the keys of the city to the Catholic Monarchs in 1492. Isabella the Catholic, in honour of the Christians who suffered here, ordered the construction of a hermitage, the first church in Granada. Although this disappeared over time, its legacy lives on in the name and history of Carmen de los M\u00e1rtires.<\/p>\t\t\t\t\t\t\t\t<\/div>\n\t\t\t\t<\/div>\n\t\t\t\t<\/div>\n\t\t<div class=\"elementor-element elementor-element-47e1dff3 e-con-full e-flex e-con e-child\" data-id=\"47e1dff3\" data-element_type=\"container\">\n\t\t\t\t<div class=\"elementor-element elementor-element-2fce1220 elementor-widget elementor-widget-image\" data-id=\"2fce1220\" data-element_type=\"widget\" data-widget_type=\"image.default\">\n\t\t\t\t<div class=\"elementor-widget-container\">\n\t\t\t\t\t\t\t\t\t\t\t\t\t\t\t<img fetchpriority=\"high\" decoding=\"async\" width=\"2048\" height=\"1010\" src=\"https:\/\/hiddenhotels.com\/seda-club\/wp-content\/uploads\/sites\/6\/2025\/09\/carmen_de_los_martires-2048x1010-2.jpg\" class=\"attachment-full size-full wp-image-648\" alt=\"\" srcset=\"https:\/\/hiddenhotels.com\/seda-club\/wp-content\/uploads\/sites\/6\/2025\/09\/carmen_de_los_martires-2048x1010-2.jpg 2048w, https:\/\/hiddenhotels.com\/seda-club\/wp-content\/uploads\/sites\/6\/2025\/09\/carmen_de_los_martires-2048x1010-2-300x148.jpg 300w, https:\/\/hiddenhotels.com\/seda-club\/wp-content\/uploads\/sites\/6\/2025\/09\/carmen_de_los_martires-2048x1010-2-1024x505.jpg 1024w, https:\/\/hiddenhotels.com\/seda-club\/wp-content\/uploads\/sites\/6\/2025\/09\/carmen_de_los_martires-2048x1010-2-768x379.jpg 768w, https:\/\/hiddenhotels.com\/seda-club\/wp-content\/uploads\/sites\/6\/2025\/09\/carmen_de_los_martires-2048x1010-2-1536x758.jpg 1536w, https:\/\/hiddenhotels.com\/seda-club\/wp-content\/uploads\/sites\/6\/2025\/09\/carmen_de_los_martires-2048x1010-2-18x9.jpg 18w\" sizes=\"(max-width: 2048px) 100vw, 2048px\" \/>\t\t\t\t\t\t\t\t\t\t\t\t\t\t\t<\/div>\n\t\t\t\t<\/div>\n\t\t\t\t<\/div>\n\t\t\t\t<\/div>\n\t\t\t\t\t<\/div>\n\t\t\t\t<\/div>\n\t\t<div class=\"elementor-element elementor-element-512d144f e-flex e-con-boxed e-con e-parent\" data-id=\"512d144f\" data-element_type=\"container\">\n\t\t\t\t\t<div class=\"e-con-inner\">\n\t\t<div class=\"elementor-element elementor-element-4470aef4 e-con-full e-flex e-con e-child\" data-id=\"4470aef4\" data-element_type=\"container\">\n\t\t\t\t<div class=\"elementor-element elementor-element-4e3f1bcb elementor-widget elementor-widget-heading\" data-id=\"4e3f1bcb\" data-element_type=\"widget\" data-widget_type=\"heading.default\">\n\t\t\t\t<div class=\"elementor-widget-container\">\n\t\t\t\t\t<h2 class=\"elementor-heading-title elementor-size-default\">An orchard with a monastic imprint<\/h2>\t\t\t\t<\/div>\n\t\t\t\t<\/div>\n\t\t\t\t<\/div>\n\t\t<div class=\"elementor-element elementor-element-7acc4e84 e-con-full e-flex e-con e-child\" data-id=\"7acc4e84\" data-element_type=\"container\">\n\t\t\t\t<div class=\"elementor-element elementor-element-49efe9ea elementor-widget elementor-widget-text-editor\" data-id=\"49efe9ea\" data-element_type=\"widget\" data-widget_type=\"text-editor.default\">\n\t\t\t\t<div class=\"elementor-widget-container\">\n\t\t\t\t\t\t\t\t\t<p>In 1573, the place passed into the hands of the Discalced Carmelites, who erected a convent with an orchard where they cultivated aromatic and medicinal herbs such as thyme, lavender and oregano. Among its most illustrious inhabitants was San Juan de la Cruz, prior of the convent in the 16th century, who devoted himself to mystical poetry as well as to the design of the gardens and the construction of an aqueduct that is still preserved today.<\/p><p>One of the most striking elements of this orchard is an ancient cypress tree, brought from Mexico by the Carmelite missionaries, where it is said that St. John of the Cross used to sit to write and meditate. Despite being struck by lightning two decades ago, the legendary tree is still standing.<\/p>\t\t\t\t\t\t\t\t<\/div>\n\t\t\t\t<\/div>\n\t\t\t\t<\/div>\n\t\t\t\t\t<\/div>\n\t\t\t\t<\/div>\n\t\t<div class=\"elementor-element elementor-element-3cd15705 e-flex e-con-boxed e-con e-parent\" data-id=\"3cd15705\" data-element_type=\"container\">\n\t\t\t\t\t<div class=\"e-con-inner\">\n\t\t<div class=\"elementor-element elementor-element-25a4f5cd e-con-full e-flex e-con e-child\" data-id=\"25a4f5cd\" data-element_type=\"container\">\n\t\t\t\t<div class=\"elementor-element elementor-element-60f7e279 elementor-widget elementor-widget-heading\" data-id=\"60f7e279\" data-element_type=\"widget\" data-widget_type=\"heading.default\">\n\t\t\t\t<div class=\"elementor-widget-container\">\n\t\t\t\t\t<h2 class=\"elementor-heading-title elementor-size-default\">The romantic charm of the lake<\/h2>\t\t\t\t<\/div>\n\t\t\t\t<\/div>\n\t\t\t\t<\/div>\n\t\t<div class=\"elementor-element elementor-element-4afcec09 e-con-full e-flex e-con e-child\" data-id=\"4afcec09\" data-element_type=\"container\">\n\t\t\t\t<div class=\"elementor-element elementor-element-41480c66 elementor-widget elementor-widget-text-editor\" data-id=\"41480c66\" data-element_type=\"widget\" data-widget_type=\"text-editor.default\">\n\t\t\t\t<div class=\"elementor-widget-container\">\n\t\t\t\t\t\t\t\t\t<p>After the demolition of the convent in the 19th century due to the confiscation of Mendiz\u00e1bal, the estate passed into private hands. Its greatest splendour came with the Belgian Hubert Merrsmans in 1891, who gave Carmen de los M\u00e1rtires a romantic air with fountains, sculptures and labyrinthine paths. The pond was transformed into an idyllic black swan lake, with a small island in its centre where arbutus trees and Bussaco cedars still grow. The scene is dominated by a ruined keep offering breathtaking views of the surroundings.<\/p>\t\t\t\t\t\t\t\t<\/div>\n\t\t\t\t<\/div>\n\t\t\t\t<\/div>\n\t\t\t\t\t<\/div>\n\t\t\t\t<\/div>\n\t\t<div class=\"elementor-element elementor-element-631ca429 e-flex e-con-boxed e-con e-parent\" data-id=\"631ca429\" data-element_type=\"container\">\n\t\t\t\t\t<div class=\"e-con-inner\">\n\t\t<div class=\"elementor-element elementor-element-5af082ee e-con-full e-flex e-con e-child\" data-id=\"5af082ee\" data-element_type=\"container\">\n\t\t\t\t<div class=\"elementor-element elementor-element-3c66dee elementor-widget elementor-widget-heading\" data-id=\"3c66dee\" data-element_type=\"widget\" data-widget_type=\"heading.default\">\n\t\t\t\t<div class=\"elementor-widget-container\">\n\t\t\t\t\t<h2 class=\"elementor-heading-title elementor-size-default\">A walk through European gardens<\/h2>\t\t\t\t<\/div>\n\t\t\t\t<\/div>\n\t\t\t\t<\/div>\n\t\t<div class=\"elementor-element elementor-element-441a892b e-con-full e-flex e-con e-child\" data-id=\"441a892b\" data-element_type=\"container\">\n\t\t\t\t<div class=\"elementor-element elementor-element-9957c5 elementor-widget elementor-widget-text-editor\" data-id=\"9957c5\" data-element_type=\"widget\" data-widget_type=\"text-editor.default\">\n\t\t\t\t<div class=\"elementor-widget-container\">\n\t\t\t\t\t\t\t\t\t<p>In the 19th century, the Calder\u00f3n family designed several gardens inspired by different European styles:<\/p><p>The French garden, presided over by a fountain of Neptune, where magnolia, orange and palm trees grow.<br \/>The Spanish garden, with a pond surrounded by rose bushes and lime trees, although most of it disappeared in the 1960s.<br \/>The English garden, a palm grove with a fountain dedicated to Philip II, added in 1930 by Joaqu\u00edn de Arteaga, Duke of Infantado.<br \/>A nod to Nasrid gardening<\/p><p>The Duke of Infantado, a great admirer of the Nasrid legacy, commissioned the construction of a neo-Nazari courtyard in 1944, inspired by the Patio de la Acequia in the Generalife. Although it does not reach the majesty of the original Moorish courtyards, it is a beautiful interpretation of Andalusian gardening, with jasmine climbing up the windows and a central rectangular pond.<\/p>\t\t\t\t\t\t\t\t<\/div>\n\t\t\t\t<\/div>\n\t\t\t\t<\/div>\n\t\t\t\t\t<\/div>\n\t\t\t\t<\/div>\n\t\t<div class=\"elementor-element elementor-element-255174b0 e-flex e-con-boxed e-con e-parent\" data-id=\"255174b0\" data-element_type=\"container\">\n\t\t\t\t\t<div class=\"e-con-inner\">\n\t\t<div class=\"elementor-element elementor-element-2f31c0df e-con-full e-flex e-con e-child\" data-id=\"2f31c0df\" data-element_type=\"container\">\n\t\t\t\t<div class=\"elementor-element elementor-element-1e1cec67 elementor-widget elementor-widget-heading\" data-id=\"1e1cec67\" data-element_type=\"widget\" data-widget_type=\"heading.default\">\n\t\t\t\t<div class=\"elementor-widget-container\">\n\t\t\t\t\t<h2 class=\"elementor-heading-title elementor-size-default\">A treasure rescued from oblivion<\/h2>\t\t\t\t<\/div>\n\t\t\t\t<\/div>\n\t\t\t\t<\/div>\n\t\t<div class=\"elementor-element elementor-element-722f8f49 e-con-full e-flex e-con e-child\" data-id=\"722f8f49\" data-element_type=\"container\">\n\t\t\t\t<div class=\"elementor-element elementor-element-1e52d965 elementor-widget elementor-widget-text-editor\" data-id=\"1e52d965\" data-element_type=\"widget\" data-widget_type=\"text-editor.default\">\n\t\t\t\t<div class=\"elementor-widget-container\">\n\t\t\t\t\t\t\t\t\t<p>Listed as an Asset of Cultural Interest in 1943, Carmen de los M\u00e1rtires passed into the hands of Granada City Council in 1958. However, it was on the verge of disappearing in the 1970s, when a hotel project threatened to demolish part of the estate. Thanks to citizen mobilisation, the works were halted and this green oasis remains as one of the most beautiful corners of the city.<\/p>\t\t\t\t\t\t\t\t<\/div>\n\t\t\t\t<\/div>\n\t\t\t\t<\/div>\n\t\t\t\t\t<\/div>\n\t\t\t\t<\/div>\n\t\t<div class=\"elementor-element elementor-element-2d3f7b58 e-flex e-con-boxed e-con e-parent\" data-id=\"2d3f7b58\" data-element_type=\"container\">\n\t\t\t\t\t<div class=\"e-con-inner\">\n\t\t<div class=\"elementor-element elementor-element-220a12b5 e-con-full e-flex e-con e-child\" data-id=\"220a12b5\" data-element_type=\"container\">\n\t\t\t\t<div class=\"elementor-element elementor-element-125b4137 elementor-widget elementor-widget-heading\" data-id=\"125b4137\" data-element_type=\"widget\" data-widget_type=\"heading.default\">\n\t\t\t\t<div class=\"elementor-widget-container\">\n\t\t\t\t\t<h2 class=\"elementor-heading-title elementor-size-default\">A vantage point with privileged views<\/h2>\t\t\t\t<\/div>\n\t\t\t\t<\/div>\n\t\t\t\t<\/div>\n\t\t<div class=\"elementor-element elementor-element-5f351643 e-con-full e-flex e-con e-child\" data-id=\"5f351643\" data-element_type=\"container\">\n\t\t\t\t<div class=\"elementor-element elementor-element-795c5e0d elementor-widget elementor-widget-text-editor\" data-id=\"795c5e0d\" data-element_type=\"widget\" data-widget_type=\"text-editor.default\">\n\t\t\t\t<div class=\"elementor-widget-container\">\n\t\t\t\t\t\t\t\t\t<p>In addition to its historical value, Carmen de los M\u00e1rtires has a viewpoint that offers spectacular views of Granada, the Vega and the Sierra Nevada. Among its most romantic corners is a latticed window from which you can contemplate the city, with an inscription that reads: \"Sitting here, I imagined you by my side and I gave you all the birds of the world\".<\/p>\t\t\t\t\t\t\t\t<\/div>\n\t\t\t\t<\/div>\n\t\t\t\t<\/div>\n\t\t\t\t\t<\/div>\n\t\t\t\t<\/div>\n\t\t<div class=\"elementor-element elementor-element-b8954c2 e-flex e-con-boxed e-con e-parent\" data-id=\"b8954c2\" data-element_type=\"container\">\n\t\t\t\t\t<div class=\"e-con-inner\">\n\t\t<div class=\"elementor-element elementor-element-558725c4 e-con-full e-flex e-con e-child\" data-id=\"558725c4\" data-element_type=\"container\">\n\t\t\t\t<div class=\"elementor-element elementor-element-62fd762d elementor-widget elementor-widget-heading\" data-id=\"62fd762d\" data-element_type=\"widget\" data-widget_type=\"heading.default\">\n\t\t\t\t<div class=\"elementor-widget-container\">\n\t\t\t\t\t<h2 class=\"elementor-heading-title elementor-size-default\">Where to eat near Carmen de los M\u00e1rtires<\/h2>\t\t\t\t<\/div>\n\t\t\t\t<\/div>\n\t\t\t\t<\/div>\n\t\t<div class=\"elementor-element elementor-element-254b16d3 e-con-full e-flex e-con e-child\" data-id=\"254b16d3\" data-element_type=\"container\">\n\t\t\t\t<div class=\"elementor-element elementor-element-2a6eaf9f elementor-widget elementor-widget-text-editor\" data-id=\"2a6eaf9f\" data-element_type=\"widget\" data-widget_type=\"text-editor.default\">\n\t\t\t\t<div class=\"elementor-widget-container\">\n\t\t\t\t\t\t\t\t\t<p>If after your visit you feel like enjoying the local gastronomy, near Carmen de los M\u00e1rtires you will find several restaurants that stand out for their charm and quality:<\/p><p>Mirador de Morayma: A charming restaurant with spectacular views of the Alhambra, ideal for tasting typical Andalusian dishes.<br \/>Restaurant Carmen Aben Humeya: Located in a traditional carmen, it offers signature cuisine with one of the best panoramic views of the city.<br \/>El Huerto de Juan Ranas: Famous for its tapas and specialities from Granada, with a terrace offering a privileged view of the Alhambra.<br \/>Ruta del Azafr\u00e1n: Located at the foot of the Alhambra, it stands out for its fusion of Mediterranean and Arabic cuisine.<br \/>Your Luxury Getaway in the Centre of Granada<\/p><p>If you are looking for an exclusive stay in a luxury hotel in the centre of Granada, Seda Club is the perfect choice for you. Located just 1.5 km from Carmen de los M\u00e1rtires, this elegant establishment offers a sophisticated experience, with attention to detail and impeccable service that guarantees an unforgettable stay.<\/p><p>Also, if you want to enjoy a good brunch in Granada, the Seda Club restaurant is an unbeatable option. With a careful and exquisite gastronomic proposal, this brunch becomes the perfect start to your day, offering you a culinary experience that combines local and international flavours in a sophisticated atmosphere.<\/p><p>Book your stay at Seda Club and live a unique experience in the heart of Granada!<\/p>\t\t\t\t\t\t\t\t<\/div>\n\t\t\t\t<\/div>\n\t\t\t\t<\/div>\n\t\t\t\t\t<\/div>\n\t\t\t\t<\/div>\n\t\t\t\t<\/div>","protected":false},"excerpt":{"rendered":"<p>BACK TO EXPERIENCES IN GRANADA Nestled on the southern slopes of the Mauror hill, within the Alhambra, Carmen de los M\u00e1rtires is one of the most fascinating gardens in Granada. Its seven hectares are home to a combination of green spaces that have evolved over the centuries, from its origins [...]<\/p>","protected":false},"featured_media":648,"template":"","meta":{"_acf_changed":false},"categories":[19],"tags":[],"class_list":["post-645","plan","type-plan","status-publish","has-post-thumbnail","hentry","category-cultura"],"acf":[],"yoast_head":"<!-- This site is optimized with the Yoast SEO plugin v25.3 - https:\/\/yoast.com\/wordpress\/plugins\/seo\/ -->\n<title>Un viaje por la historia y la belleza de Carmen de los M\u00e1rtires<\/title>\n<meta name=\"robots\" content=\"index, follow, max-snippet:-1, max-image-preview:large, max-video-preview:-1\" \/>\n<link rel=\"canonical\" href=\"https:\/\/hiddenhotels.com\/seda-club\/en\/plan\/a-journey-through-the-history-and-beauty-of-carmen-de-los-martires\/\" \/>\n<meta property=\"og:locale\" content=\"en_GB\" \/>\n<meta property=\"og:type\" content=\"article\" \/>\n<meta property=\"og:title\" content=\"Un viaje por la historia y la belleza de Carmen de los M\u00e1rtires\" \/>\n<meta property=\"og:description\" content=\"VOLVER A EXPERIENCIAS EN GRANADA Enclavado en la falda sur de la colina del Mauror, dentro del recinto de La Alhambra, Carmen de los M\u00e1rtires es uno de los jardines m\u00e1s fascinantes de Granada. Sus siete hect\u00e1reas albergan una combinaci\u00f3n de espacios verdes que han evolucionado a lo largo de los siglos, desde su origen [&hellip;]\" \/>\n<meta property=\"og:url\" content=\"https:\/\/hiddenhotels.com\/seda-club\/en\/plan\/a-journey-through-the-history-and-beauty-of-carmen-de-los-martires\/\" \/>\n<meta property=\"og:site_name\" content=\"Seda Club Hotel\" \/>\n<meta property=\"article:publisher\" content=\"https:\/\/www.facebook.com\/sedaclubhotel\/\" \/>\n<meta property=\"article:modified_time\" content=\"2025-09-22T08:58:12+00:00\" \/>\n<meta property=\"og:image\" content=\"https:\/\/hiddenhotels.com\/seda-club\/wp-content\/uploads\/sites\/6\/2025\/09\/carmen_de_los_martires-2048x1010-2.jpg\" \/>\n\t<meta property=\"og:image:width\" content=\"2048\" \/>\n\t<meta property=\"og:image:height\" content=\"1010\" \/>\n\t<meta property=\"og:image:type\" content=\"image\/jpeg\" \/>\n<meta name=\"twitter:card\" content=\"summary_large_image\" \/>\n<meta name=\"twitter:label1\" content=\"Estimated reading time\" \/>\n\t<meta name=\"twitter:data1\" content=\"5 minutes\" \/>\n<script type=\"application\/ld+json\" class=\"yoast-schema-graph\">{\"@context\":\"https:\/\/schema.org\",\"@graph\":[{\"@type\":\"WebPage\",\"@id\":\"https:\/\/hiddenhotels.com\/seda-club\/plan\/un-viaje-por-la-historia-y-la-belleza-de-carmen-de-los-martires\/\",\"url\":\"https:\/\/hiddenhotels.com\/seda-club\/plan\/un-viaje-por-la-historia-y-la-belleza-de-carmen-de-los-martires\/\",\"name\":\"Un viaje por la historia y la belleza de Carmen de los M\u00e1rtires\",\"isPartOf\":{\"@id\":\"https:\/\/hiddenhotels.com\/seda-club\/#website\"},\"primaryImageOfPage\":{\"@id\":\"https:\/\/hiddenhotels.com\/seda-club\/plan\/un-viaje-por-la-historia-y-la-belleza-de-carmen-de-los-martires\/#primaryimage\"},\"image\":{\"@id\":\"https:\/\/hiddenhotels.com\/seda-club\/plan\/un-viaje-por-la-historia-y-la-belleza-de-carmen-de-los-martires\/#primaryimage\"},\"thumbnailUrl\":\"https:\/\/hiddenhotels.com\/seda-club\/wp-content\/uploads\/sites\/6\/2025\/09\/carmen_de_los_martires-2048x1010-2.jpg\",\"datePublished\":\"2025-09-11T09:30:14+00:00\",\"dateModified\":\"2025-09-22T08:58:12+00:00\",\"breadcrumb\":{\"@id\":\"https:\/\/hiddenhotels.com\/seda-club\/plan\/un-viaje-por-la-historia-y-la-belleza-de-carmen-de-los-martires\/#breadcrumb\"},\"inLanguage\":\"en-GB\",\"potentialAction\":[{\"@type\":\"ReadAction\",\"target\":[\"https:\/\/hiddenhotels.com\/seda-club\/plan\/un-viaje-por-la-historia-y-la-belleza-de-carmen-de-los-martires\/\"]}]},{\"@type\":\"ImageObject\",\"inLanguage\":\"en-GB\",\"@id\":\"https:\/\/hiddenhotels.com\/seda-club\/plan\/un-viaje-por-la-historia-y-la-belleza-de-carmen-de-los-martires\/#primaryimage\",\"url\":\"https:\/\/hiddenhotels.com\/seda-club\/wp-content\/uploads\/sites\/6\/2025\/09\/carmen_de_los_martires-2048x1010-2.jpg\",\"contentUrl\":\"https:\/\/hiddenhotels.com\/seda-club\/wp-content\/uploads\/sites\/6\/2025\/09\/carmen_de_los_martires-2048x1010-2.jpg\",\"width\":2048,\"height\":1010},{\"@type\":\"BreadcrumbList\",\"@id\":\"https:\/\/hiddenhotels.com\/seda-club\/plan\/un-viaje-por-la-historia-y-la-belleza-de-carmen-de-los-martires\/#breadcrumb\",\"itemListElement\":[{\"@type\":\"ListItem\",\"position\":1,\"name\":\"Portada\",\"item\":\"https:\/\/hiddenhotels.com\/seda-club\/\"},{\"@type\":\"ListItem\",\"position\":2,\"name\":\"Un viaje por la historia y la belleza de Carmen de los M\u00e1rtires\"}]},{\"@type\":\"WebSite\",\"@id\":\"https:\/\/hiddenhotels.com\/seda-club\/#website\",\"url\":\"https:\/\/hiddenhotels.com\/seda-club\/\",\"name\":\"Seda Club Hotel\",\"description\":\"Seda Club Hotel, hotel 5 estrellas Gran Lujo en el coraz\u00f3n de Granada: 21 habitaciones exquisitas, dise\u00f1o contempor\u00e1neo con toques art deco, spa boutique, restaurante de cocina local, terraza con vistas a la Catedral y ubicaci\u00f3n privilegiada en Plaza de la Trinidad. Vive el lujo con autenticidad.\",\"publisher\":{\"@id\":\"https:\/\/hiddenhotels.com\/seda-club\/#organization\"},\"alternateName\":\"Hotel Seda Club Granada\",\"potentialAction\":[{\"@type\":\"SearchAction\",\"target\":{\"@type\":\"EntryPoint\",\"urlTemplate\":\"https:\/\/hiddenhotels.com\/seda-club\/?s={search_term_string}\"},\"query-input\":{\"@type\":\"PropertyValueSpecification\",\"valueRequired\":true,\"valueName\":\"search_term_string\"}}],\"inLanguage\":\"en-GB\"},{\"@type\":\"Organization\",\"@id\":\"https:\/\/hiddenhotels.com\/seda-club\/#organization\",\"name\":\"Seda Club Hotel\",\"alternateName\":\"Hotel Seda Club - Hidden Hotels\",\"url\":\"https:\/\/hiddenhotels.com\/seda-club\/\",\"logo\":{\"@type\":\"ImageObject\",\"inLanguage\":\"en-GB\",\"@id\":\"https:\/\/hiddenhotels.com\/seda-club\/#\/schema\/logo\/image\/\",\"url\":\"https:\/\/hiddenhotels.com\/seda-club\/wp-content\/uploads\/sites\/6\/2025\/09\/cropped-logoSedaClub-black-favicon.png\",\"contentUrl\":\"https:\/\/hiddenhotels.com\/seda-club\/wp-content\/uploads\/sites\/6\/2025\/09\/cropped-logoSedaClub-black-favicon.png\",\"width\":512,\"height\":512,\"caption\":\"Seda Club Hotel\"},\"image\":{\"@id\":\"https:\/\/hiddenhotels.com\/seda-club\/#\/schema\/logo\/image\/\"},\"sameAs\":[\"https:\/\/www.facebook.com\/sedaclubhotel\/\",\"https:\/\/www.instagram.com\/sedaclubhotel\/\"]}]}<\/script>\n<!-- \/ Yoast SEO plugin. -->","yoast_head_json":{"title":"A journey through the history and beauty of Carmen de los M\u00e1rtires","robots":{"index":"index","follow":"follow","max-snippet":"max-snippet:-1","max-image-preview":"max-image-preview:large","max-video-preview":"max-video-preview:-1"},"canonical":"https:\/\/hiddenhotels.com\/seda-club\/en\/plan\/a-journey-through-the-history-and-beauty-of-carmen-de-los-martires\/","og_locale":"en_GB","og_type":"article","og_title":"Un viaje por la historia y la belleza de Carmen de los M\u00e1rtires","og_description":"VOLVER A EXPERIENCIAS EN GRANADA Enclavado en la falda sur de la colina del Mauror, dentro del recinto de La Alhambra, Carmen de los M\u00e1rtires es uno de los jardines m\u00e1s fascinantes de Granada. Sus siete hect\u00e1reas albergan una combinaci\u00f3n de espacios verdes que han evolucionado a lo largo de los siglos, desde su origen [&hellip;]","og_url":"https:\/\/hiddenhotels.com\/seda-club\/en\/plan\/a-journey-through-the-history-and-beauty-of-carmen-de-los-martires\/","og_site_name":"Seda Club Hotel","article_publisher":"https:\/\/www.facebook.com\/sedaclubhotel\/","article_modified_time":"2025-09-22T08:58:12+00:00","og_image":[{"width":2048,"height":1010,"url":"https:\/\/hiddenhotels.com\/seda-club\/wp-content\/uploads\/sites\/6\/2025\/09\/carmen_de_los_martires-2048x1010-2.jpg","type":"image\/jpeg"}],"twitter_card":"summary_large_image","twitter_misc":{"Estimated reading time":"5 minutes"},"schema":{"@context":"https:\/\/schema.org","@graph":[{"@type":"WebPage","@id":"https:\/\/hiddenhotels.com\/seda-club\/plan\/un-viaje-por-la-historia-y-la-belleza-de-carmen-de-los-martires\/","url":"https:\/\/hiddenhotels.com\/seda-club\/plan\/un-viaje-por-la-historia-y-la-belleza-de-carmen-de-los-martires\/","name":"A journey through the history and beauty of Carmen de los M\u00e1rtires","isPartOf":{"@id":"https:\/\/hiddenhotels.com\/seda-club\/#website"},"primaryImageOfPage":{"@id":"https:\/\/hiddenhotels.com\/seda-club\/plan\/un-viaje-por-la-historia-y-la-belleza-de-carmen-de-los-martires\/#primaryimage"},"image":{"@id":"https:\/\/hiddenhotels.com\/seda-club\/plan\/un-viaje-por-la-historia-y-la-belleza-de-carmen-de-los-martires\/#primaryimage"},"thumbnailUrl":"https:\/\/hiddenhotels.com\/seda-club\/wp-content\/uploads\/sites\/6\/2025\/09\/carmen_de_los_martires-2048x1010-2.jpg","datePublished":"2025-09-11T09:30:14+00:00","dateModified":"2025-09-22T08:58:12+00:00","breadcrumb":{"@id":"https:\/\/hiddenhotels.com\/seda-club\/plan\/un-viaje-por-la-historia-y-la-belleza-de-carmen-de-los-martires\/#breadcrumb"},"inLanguage":"en-GB","potentialAction":[{"@type":"ReadAction","target":["https:\/\/hiddenhotels.com\/seda-club\/plan\/un-viaje-por-la-historia-y-la-belleza-de-carmen-de-los-martires\/"]}]},{"@type":"ImageObject","inLanguage":"en-GB","@id":"https:\/\/hiddenhotels.com\/seda-club\/plan\/un-viaje-por-la-historia-y-la-belleza-de-carmen-de-los-martires\/#primaryimage","url":"https:\/\/hiddenhotels.com\/seda-club\/wp-content\/uploads\/sites\/6\/2025\/09\/carmen_de_los_martires-2048x1010-2.jpg","contentUrl":"https:\/\/hiddenhotels.com\/seda-club\/wp-content\/uploads\/sites\/6\/2025\/09\/carmen_de_los_martires-2048x1010-2.jpg","width":2048,"height":1010},{"@type":"BreadcrumbList","@id":"https:\/\/hiddenhotels.com\/seda-club\/plan\/un-viaje-por-la-historia-y-la-belleza-de-carmen-de-los-martires\/#breadcrumb","itemListElement":[{"@type":"ListItem","position":1,"name":"Portada","item":"https:\/\/hiddenhotels.com\/seda-club\/"},{"@type":"ListItem","position":2,"name":"Un viaje por la historia y la belleza de Carmen de los M\u00e1rtires"}]},{"@type":"WebSite","@id":"https:\/\/hiddenhotels.com\/seda-club\/#website","url":"https:\/\/hiddenhotels.com\/seda-club\/","name":"Seda Club Hotel","description":"Seda Club Hotel, 5 star Grand Luxury hotel in the heart of Granada: 21 exquisite rooms, contemporary design with art deco touches, boutique spa, local cuisine restaurant, terrace overlooking the Cathedral and privileged location in Plaza de la Trinidad. Experience luxury with authenticity.","publisher":{"@id":"https:\/\/hiddenhotels.com\/seda-club\/#organization"},"alternateName":"Hotel Seda Club Granada","potentialAction":[{"@type":"SearchAction","target":{"@type":"EntryPoint","urlTemplate":"https:\/\/hiddenhotels.com\/seda-club\/?s={search_term_string}"},"query-input":{"@type":"PropertyValueSpecification","valueRequired":true,"valueName":"search_term_string"}}],"inLanguage":"en-GB"},{"@type":"Organization","@id":"https:\/\/hiddenhotels.com\/seda-club\/#organization","name":"Seda Club Hotel","alternateName":"Hotel Seda Club - Hidden Hotels","url":"https:\/\/hiddenhotels.com\/seda-club\/","logo":{"@type":"ImageObject","inLanguage":"en-GB","@id":"https:\/\/hiddenhotels.com\/seda-club\/#\/schema\/logo\/image\/","url":"https:\/\/hiddenhotels.com\/seda-club\/wp-content\/uploads\/sites\/6\/2025\/09\/cropped-logoSedaClub-black-favicon.png","contentUrl":"https:\/\/hiddenhotels.com\/seda-club\/wp-content\/uploads\/sites\/6\/2025\/09\/cropped-logoSedaClub-black-favicon.png","width":512,"height":512,"caption":"Seda Club Hotel"},"image":{"@id":"https:\/\/hiddenhotels.com\/seda-club\/#\/schema\/logo\/image\/"},"sameAs":["https:\/\/www.facebook.com\/sedaclubhotel\/","https:\/\/www.instagram.com\/sedaclubhotel\/"]}]}},"_links":{"self":[{"href":"https:\/\/hiddenhotels.com\/seda-club\/en\/wp-json\/wp\/v2\/plan\/645","targetHints":{"allow":["GET"]}}],"collection":[{"href":"https:\/\/hiddenhotels.com\/seda-club\/en\/wp-json\/wp\/v2\/plan"}],"about":[{"href":"https:\/\/hiddenhotels.com\/seda-club\/en\/wp-json\/wp\/v2\/types\/plan"}],"version-history":[{"count":13,"href":"https:\/\/hiddenhotels.com\/seda-club\/en\/wp-json\/wp\/v2\/plan\/645\/revisions"}],"predecessor-version":[{"id":1964,"href":"https:\/\/hiddenhotels.com\/seda-club\/en\/wp-json\/wp\/v2\/plan\/645\/revisions\/1964"}],"wp:featuredmedia":[{"embeddable":true,"href":"https:\/\/hiddenhotels.com\/seda-club\/en\/wp-json\/wp\/v2\/media\/648"}],"wp:attachment":[{"href":"https:\/\/hiddenhotels.com\/seda-club\/en\/wp-json\/wp\/v2\/media?parent=645"}],"wp:term":[{"taxonomy":"category","embeddable":true,"href":"https:\/\/hiddenhotels.com\/seda-club\/en\/wp-json\/wp\/v2\/categories?post=645"},{"taxonomy":"post_tag","embeddable":true,"href":"https:\/\/hiddenhotels.com\/seda-club\/en\/wp-json\/wp\/v2\/tags?post=645"}],"curies":[{"name":"wp","href":"https:\/\/api.w.org\/{rel}","templated":true}]}}