{"id":645,"date":"2025-09-11T11:30:14","date_gmt":"2025-09-11T09:30:14","guid":{"rendered":"https:\/\/hiddenhotels.com\/seda-club\/plan\/un-viaje-por-la-historia-y-la-belleza-de-carmen-de-los-martires\/"},"modified":"2025-09-22T10:58:12","modified_gmt":"2025-09-22T08:58:12","slug":"un-viaje-por-la-historia-y-la-belleza-de-carmen-de-los-martires","status":"publish","type":"plan","link":"https:\/\/hiddenhotels.com\/seda-club\/plan\/un-viaje-por-la-historia-y-la-belleza-de-carmen-de-los-martires\/","title":{"rendered":"Un viaje por la historia y la belleza de Carmen de los M\u00e1rtires"},"content":{"rendered":"\t\t<div data-elementor-type=\"wp-post\" data-elementor-id=\"645\" class=\"elementor elementor-645\" data-elementor-post-type=\"plan\">\n\t\t\t\t<div class=\"elementor-element elementor-element-12ae720e e-flex e-con-boxed e-con e-parent\" data-id=\"12ae720e\" data-element_type=\"container\">\n\t\t\t\t\t<div class=\"e-con-inner\">\n\t\t\t\t<div class=\"elementor-element elementor-element-5756bae0 elementor-widget elementor-widget-button\" data-id=\"5756bae0\" data-element_type=\"widget\" data-widget_type=\"button.default\">\n\t\t\t\t<div class=\"elementor-widget-container\">\n\t\t\t\t\t\t\t\t\t<div class=\"elementor-button-wrapper\">\n\t\t\t\t\t<a class=\"elementor-button elementor-button-link elementor-size-sm\" href=\"https:\/\/hiddenhotels.com\/seda-club\/inspirese\/\" target=\"_blank\">\n\t\t\t\t\t\t<span class=\"elementor-button-content-wrapper\">\n\t\t\t\t\t\t<span class=\"elementor-button-icon\">\n\t\t\t\t<svg xmlns=\"http:\/\/www.w3.org\/2000\/svg\" width=\"24\" height=\"24\" viewBox=\"0 0 24 24\" fill=\"none\"><path fill-rule=\"evenodd\" clip-rule=\"evenodd\" d=\"M11.2349 18.707L4.65275 12.36C4.55502 12.2657 4.49982 12.1358 4.49982 12C4.49982 11.8643 4.55502 11.7344 4.65275 11.6401L11.2349 5.29305L11.929 6.0129L6.23866 11.5H19.4998V12.5H6.23866L11.929 17.9872L11.2349 18.707Z\" fill=\"#111111\"><\/path><\/svg>\t\t\t<\/span>\n\t\t\t\t\t\t\t\t\t<span class=\"elementor-button-text\">VOLVER A EXPERIENCIAS EN GRANADA<\/span>\n\t\t\t\t\t<\/span>\n\t\t\t\t\t<\/a>\n\t\t\t\t<\/div>\n\t\t\t\t\t\t\t\t<\/div>\n\t\t\t\t<\/div>\n\t\t<div class=\"elementor-element elementor-element-5f8a5122 e-con-full e-flex e-con e-child\" data-id=\"5f8a5122\" data-element_type=\"container\">\n\t\t<div class=\"elementor-element elementor-element-7506f5a e-con-full e-flex e-con e-child\" data-id=\"7506f5a\" data-element_type=\"container\">\n\t\t\t\t<div class=\"elementor-element elementor-element-6181c087 elementor-widget-mobile_extra__width-initial elementor-widget elementor-widget-heading\" data-id=\"6181c087\" data-element_type=\"widget\" data-widget_type=\"heading.default\">\n\t\t\t\t<div class=\"elementor-widget-container\">\n\t\t\t\t\t<h1 class=\"elementor-heading-title elementor-size-default\">Un viaje por la historia y la belleza de Carmen de los M\u00e1rtires<\/h1>\t\t\t\t<\/div>\n\t\t\t\t<\/div>\n\t\t\t\t<div class=\"elementor-element elementor-element-3a8c1df3 elementor-widget elementor-widget-post-info\" data-id=\"3a8c1df3\" data-element_type=\"widget\" data-widget_type=\"post-info.default\">\n\t\t\t\t<div class=\"elementor-widget-container\">\n\t\t\t\t\t\t\t<ul class=\"elementor-inline-items elementor-icon-list-items elementor-post-info\">\n\t\t\t\t\t\t\t\t<li class=\"elementor-icon-list-item elementor-repeater-item-3fb7968 elementor-inline-item\" itemprop=\"datePublished\">\n\t\t\t\t\t\t\t\t\t\t\t\t\t<span class=\"elementor-icon-list-text elementor-post-info__item elementor-post-info__item--type-date\">\n\t\t\t\t\t\t\t\t\t\t<time>septiembre 11, 2025<\/time>\t\t\t\t\t<\/span>\n\t\t\t\t\t\t\t\t<\/li>\n\t\t\t\t<\/ul>\n\t\t\t\t\t\t<\/div>\n\t\t\t\t<\/div>\n\t\t\t\t<div class=\"elementor-element elementor-element-421a57df elementor-widget elementor-widget-text-editor\" data-id=\"421a57df\" data-element_type=\"widget\" data-widget_type=\"text-editor.default\">\n\t\t\t\t<div class=\"elementor-widget-container\">\n\t\t\t\t\t\t\t\t\t<p>Enclavado en la falda sur de la colina del Mauror, dentro del recinto de La Alhambra, Carmen de los M\u00e1rtires es uno de los jardines m\u00e1s fascinantes de Granada. Sus siete hect\u00e1reas albergan una combinaci\u00f3n de espacios verdes que han evolucionado a lo largo de los siglos, desde su origen como lugar de reclusi\u00f3n hasta convertirse en un exquisito entorno paisaj\u00edstico.<\/p><p>Este enclave, conocido anta\u00f1o como el Campo de Ahabul por los \u00e1rabes, era un territorio donde se reten\u00eda a prisioneros cristianos, lo que le vali\u00f3 el nombre de Corral de los Cautivos. Fue aqu\u00ed donde Boabdil parti\u00f3 para entregar las llaves de la ciudad a los Reyes Cat\u00f3licos en 1492. Isabel la Cat\u00f3lica, en honor a los cristianos que sufrieron en este lugar, orden\u00f3 construir una ermita, la primera iglesia de Granada. Aunque esta desapareci\u00f3 con el tiempo, su legado perdura en el nombre y la historia de Carmen de los M\u00e1rtires.<\/p>\t\t\t\t\t\t\t\t<\/div>\n\t\t\t\t<\/div>\n\t\t\t\t<\/div>\n\t\t<div class=\"elementor-element elementor-element-47e1dff3 e-con-full e-flex e-con e-child\" data-id=\"47e1dff3\" data-element_type=\"container\">\n\t\t\t\t<div class=\"elementor-element elementor-element-2fce1220 elementor-widget elementor-widget-image\" data-id=\"2fce1220\" data-element_type=\"widget\" data-widget_type=\"image.default\">\n\t\t\t\t<div class=\"elementor-widget-container\">\n\t\t\t\t\t\t\t\t\t\t\t\t\t\t\t<img fetchpriority=\"high\" decoding=\"async\" width=\"2048\" height=\"1010\" src=\"https:\/\/hiddenhotels.com\/seda-club\/wp-content\/uploads\/sites\/6\/2025\/09\/carmen_de_los_martires-2048x1010-2.jpg\" class=\"attachment-full size-full wp-image-648\" alt=\"\" srcset=\"https:\/\/hiddenhotels.com\/seda-club\/wp-content\/uploads\/sites\/6\/2025\/09\/carmen_de_los_martires-2048x1010-2.jpg 2048w, https:\/\/hiddenhotels.com\/seda-club\/wp-content\/uploads\/sites\/6\/2025\/09\/carmen_de_los_martires-2048x1010-2-300x148.jpg 300w, https:\/\/hiddenhotels.com\/seda-club\/wp-content\/uploads\/sites\/6\/2025\/09\/carmen_de_los_martires-2048x1010-2-1024x505.jpg 1024w, https:\/\/hiddenhotels.com\/seda-club\/wp-content\/uploads\/sites\/6\/2025\/09\/carmen_de_los_martires-2048x1010-2-768x379.jpg 768w, https:\/\/hiddenhotels.com\/seda-club\/wp-content\/uploads\/sites\/6\/2025\/09\/carmen_de_los_martires-2048x1010-2-1536x758.jpg 1536w, https:\/\/hiddenhotels.com\/seda-club\/wp-content\/uploads\/sites\/6\/2025\/09\/carmen_de_los_martires-2048x1010-2-18x9.jpg 18w\" sizes=\"(max-width: 2048px) 100vw, 2048px\" \/>\t\t\t\t\t\t\t\t\t\t\t\t\t\t\t<\/div>\n\t\t\t\t<\/div>\n\t\t\t\t<\/div>\n\t\t\t\t<\/div>\n\t\t\t\t\t<\/div>\n\t\t\t\t<\/div>\n\t\t<div class=\"elementor-element elementor-element-512d144f e-flex e-con-boxed e-con e-parent\" data-id=\"512d144f\" data-element_type=\"container\">\n\t\t\t\t\t<div class=\"e-con-inner\">\n\t\t<div class=\"elementor-element elementor-element-4470aef4 e-con-full e-flex e-con e-child\" data-id=\"4470aef4\" data-element_type=\"container\">\n\t\t\t\t<div class=\"elementor-element elementor-element-4e3f1bcb elementor-widget elementor-widget-heading\" data-id=\"4e3f1bcb\" data-element_type=\"widget\" data-widget_type=\"heading.default\">\n\t\t\t\t<div class=\"elementor-widget-container\">\n\t\t\t\t\t<h2 class=\"elementor-heading-title elementor-size-default\">Un huerto con huella monacal<\/h2>\t\t\t\t<\/div>\n\t\t\t\t<\/div>\n\t\t\t\t<\/div>\n\t\t<div class=\"elementor-element elementor-element-7acc4e84 e-con-full e-flex e-con e-child\" data-id=\"7acc4e84\" data-element_type=\"container\">\n\t\t\t\t<div class=\"elementor-element elementor-element-49efe9ea elementor-widget elementor-widget-text-editor\" data-id=\"49efe9ea\" data-element_type=\"widget\" data-widget_type=\"text-editor.default\">\n\t\t\t\t<div class=\"elementor-widget-container\">\n\t\t\t\t\t\t\t\t\t<p>En 1573, el lugar pas\u00f3 a manos de los Carmelitas Descalzos, quienes erigieron un convento con un huerto donde cultivaban hierbas arom\u00e1ticas y medicinales como tomillo, lavanda y or\u00e9gano. Entre sus habitantes m\u00e1s ilustres estuvo San Juan de la Cruz, prior del convento en el siglo XVI, quien se dedic\u00f3 tanto a la poes\u00eda m\u00edstica como al dise\u00f1o de los jardines y la construcci\u00f3n de un acueducto que todav\u00eda se conserva.<\/p><p>Uno de los elementos m\u00e1s llamativos de este huerto es un antiguo cipr\u00e9s, tra\u00eddo de M\u00e9xico por los misioneros carmelitas, donde se dice que San Juan de la Cruz sol\u00eda sentarse a escribir y meditar. A pesar de que un rayo lo alcanz\u00f3 hace dos d\u00e9cadas, el legendario \u00e1rbol sigue en pie.<\/p>\t\t\t\t\t\t\t\t<\/div>\n\t\t\t\t<\/div>\n\t\t\t\t<\/div>\n\t\t\t\t\t<\/div>\n\t\t\t\t<\/div>\n\t\t<div class=\"elementor-element elementor-element-3cd15705 e-flex e-con-boxed e-con e-parent\" data-id=\"3cd15705\" data-element_type=\"container\">\n\t\t\t\t\t<div class=\"e-con-inner\">\n\t\t<div class=\"elementor-element elementor-element-25a4f5cd e-con-full e-flex e-con e-child\" data-id=\"25a4f5cd\" data-element_type=\"container\">\n\t\t\t\t<div class=\"elementor-element elementor-element-60f7e279 elementor-widget elementor-widget-heading\" data-id=\"60f7e279\" data-element_type=\"widget\" data-widget_type=\"heading.default\">\n\t\t\t\t<div class=\"elementor-widget-container\">\n\t\t\t\t\t<h2 class=\"elementor-heading-title elementor-size-default\">El encanto rom\u00e1ntico del lago<\/h2>\t\t\t\t<\/div>\n\t\t\t\t<\/div>\n\t\t\t\t<\/div>\n\t\t<div class=\"elementor-element elementor-element-4afcec09 e-con-full e-flex e-con e-child\" data-id=\"4afcec09\" data-element_type=\"container\">\n\t\t\t\t<div class=\"elementor-element elementor-element-41480c66 elementor-widget elementor-widget-text-editor\" data-id=\"41480c66\" data-element_type=\"widget\" data-widget_type=\"text-editor.default\">\n\t\t\t\t<div class=\"elementor-widget-container\">\n\t\t\t\t\t\t\t\t\t<p>Tras la demolici\u00f3n del convento en el siglo XIX debido a la Desamortizaci\u00f3n de Mendiz\u00e1bal, la finca pas\u00f3 a manos privadas. Su mayor esplendor lleg\u00f3 con el belga Hubert Merrsmans en 1891, quien dot\u00f3 a Carmen de los M\u00e1rtires de un aire rom\u00e1ntico con fuentes, esculturas y senderos laber\u00ednticos. El estanque fue transformado en un id\u00edlico lago de cisnes negros, con una peque\u00f1a isla en su centro donde a\u00fan crecen madro\u00f1os y cedros de Bussaco. La escena est\u00e1 dominada por un torre\u00f3n en ruinas que ofrece vistas impresionantes del entorno.<\/p>\t\t\t\t\t\t\t\t<\/div>\n\t\t\t\t<\/div>\n\t\t\t\t<\/div>\n\t\t\t\t\t<\/div>\n\t\t\t\t<\/div>\n\t\t<div class=\"elementor-element elementor-element-631ca429 e-flex e-con-boxed e-con e-parent\" data-id=\"631ca429\" data-element_type=\"container\">\n\t\t\t\t\t<div class=\"e-con-inner\">\n\t\t<div class=\"elementor-element elementor-element-5af082ee e-con-full e-flex e-con e-child\" data-id=\"5af082ee\" data-element_type=\"container\">\n\t\t\t\t<div class=\"elementor-element elementor-element-3c66dee elementor-widget elementor-widget-heading\" data-id=\"3c66dee\" data-element_type=\"widget\" data-widget_type=\"heading.default\">\n\t\t\t\t<div class=\"elementor-widget-container\">\n\t\t\t\t\t<h2 class=\"elementor-heading-title elementor-size-default\">Un paseo por los jardines europeos<\/h2>\t\t\t\t<\/div>\n\t\t\t\t<\/div>\n\t\t\t\t<\/div>\n\t\t<div class=\"elementor-element elementor-element-441a892b e-con-full e-flex e-con e-child\" data-id=\"441a892b\" data-element_type=\"container\">\n\t\t\t\t<div class=\"elementor-element elementor-element-9957c5 elementor-widget elementor-widget-text-editor\" data-id=\"9957c5\" data-element_type=\"widget\" data-widget_type=\"text-editor.default\">\n\t\t\t\t<div class=\"elementor-widget-container\">\n\t\t\t\t\t\t\t\t\t<p>En el siglo XIX, la familia Calder\u00f3n dise\u00f1\u00f3 varios jardines inspirados en distintos estilos europeos:<\/p><p>El jard\u00edn franc\u00e9s, presidido por una fuente de Neptuno, donde crecen magnolios, naranjos y palmeras.<br \/>El jard\u00edn espa\u00f1ol, con un estanque rodeado de rosales y tilos, aunque en su mayor parte desapareci\u00f3 en los a\u00f1os 60.<br \/>El jard\u00edn ingl\u00e9s, un bosque de palmeras con una fuente dedicada a Felipe II, a\u00f1adida en 1930 por Joaqu\u00edn de Arteaga, duque del Infantado.<br \/>Un gui\u00f1o a la jardiner\u00eda nazar\u00ed<\/p><p>El duque del Infantado, gran admirador del legado nazar\u00ed, encarg\u00f3 en 1944 la construcci\u00f3n de un patio neo-nazar\u00ed, inspirado en el Patio de la Acequia del Generalife. Aunque no alcanza la majestuosidad de los patios \u00e1rabes originales, es una bonita interpretaci\u00f3n de la jardiner\u00eda andalus\u00ed, con jazmines trepando por los ventanales y un estanque rectangular central.<\/p>\t\t\t\t\t\t\t\t<\/div>\n\t\t\t\t<\/div>\n\t\t\t\t<\/div>\n\t\t\t\t\t<\/div>\n\t\t\t\t<\/div>\n\t\t<div class=\"elementor-element elementor-element-255174b0 e-flex e-con-boxed e-con e-parent\" data-id=\"255174b0\" data-element_type=\"container\">\n\t\t\t\t\t<div class=\"e-con-inner\">\n\t\t<div class=\"elementor-element elementor-element-2f31c0df e-con-full e-flex e-con e-child\" data-id=\"2f31c0df\" data-element_type=\"container\">\n\t\t\t\t<div class=\"elementor-element elementor-element-1e1cec67 elementor-widget elementor-widget-heading\" data-id=\"1e1cec67\" data-element_type=\"widget\" data-widget_type=\"heading.default\">\n\t\t\t\t<div class=\"elementor-widget-container\">\n\t\t\t\t\t<h2 class=\"elementor-heading-title elementor-size-default\">Un tesoro rescatado del olvido<\/h2>\t\t\t\t<\/div>\n\t\t\t\t<\/div>\n\t\t\t\t<\/div>\n\t\t<div class=\"elementor-element elementor-element-722f8f49 e-con-full e-flex e-con e-child\" data-id=\"722f8f49\" data-element_type=\"container\">\n\t\t\t\t<div class=\"elementor-element elementor-element-1e52d965 elementor-widget elementor-widget-text-editor\" data-id=\"1e52d965\" data-element_type=\"widget\" data-widget_type=\"text-editor.default\">\n\t\t\t\t<div class=\"elementor-widget-container\">\n\t\t\t\t\t\t\t\t\t<p>Catalogado como Bien de Inter\u00e9s Cultural en 1943, Carmen de los M\u00e1rtires pas\u00f3 a manos del Ayuntamiento de Granada en 1958. Sin embargo, estuvo a punto de desaparecer en los a\u00f1os 70, cuando un proyecto de hotel amenaza con demoler parte de la finca. Gracias a la movilizaci\u00f3n ciudadana, las obras se detuvieron y este oasis verde se mantiene como uno de los rincones m\u00e1s bellos de la ciudad.<\/p>\t\t\t\t\t\t\t\t<\/div>\n\t\t\t\t<\/div>\n\t\t\t\t<\/div>\n\t\t\t\t\t<\/div>\n\t\t\t\t<\/div>\n\t\t<div class=\"elementor-element elementor-element-2d3f7b58 e-flex e-con-boxed e-con e-parent\" data-id=\"2d3f7b58\" data-element_type=\"container\">\n\t\t\t\t\t<div class=\"e-con-inner\">\n\t\t<div class=\"elementor-element elementor-element-220a12b5 e-con-full e-flex e-con e-child\" data-id=\"220a12b5\" data-element_type=\"container\">\n\t\t\t\t<div class=\"elementor-element elementor-element-125b4137 elementor-widget elementor-widget-heading\" data-id=\"125b4137\" data-element_type=\"widget\" data-widget_type=\"heading.default\">\n\t\t\t\t<div class=\"elementor-widget-container\">\n\t\t\t\t\t<h2 class=\"elementor-heading-title elementor-size-default\">Un mirador con vistas privilegiadas<\/h2>\t\t\t\t<\/div>\n\t\t\t\t<\/div>\n\t\t\t\t<\/div>\n\t\t<div class=\"elementor-element elementor-element-5f351643 e-con-full e-flex e-con e-child\" data-id=\"5f351643\" data-element_type=\"container\">\n\t\t\t\t<div class=\"elementor-element elementor-element-795c5e0d elementor-widget elementor-widget-text-editor\" data-id=\"795c5e0d\" data-element_type=\"widget\" data-widget_type=\"text-editor.default\">\n\t\t\t\t<div class=\"elementor-widget-container\">\n\t\t\t\t\t\t\t\t\t<p>Adem\u00e1s de su valor hist\u00f3rico, Carmen de los M\u00e1rtires cuenta con un mirador que ofrece vistas espectaculares de Granada, la Vega y la Sierra Nevada. Entre sus rincones m\u00e1s rom\u00e1nticos destaca una ventana enrejada desde la que se puede contemplar la ciudad, con una inscripci\u00f3n que reza: \u00abEstando aqu\u00ed sentado, te imagin\u00e9 a mi lado y te regal\u00e9 todas las aves del mundo\u00bb.<\/p>\t\t\t\t\t\t\t\t<\/div>\n\t\t\t\t<\/div>\n\t\t\t\t<\/div>\n\t\t\t\t\t<\/div>\n\t\t\t\t<\/div>\n\t\t<div class=\"elementor-element elementor-element-b8954c2 e-flex e-con-boxed e-con e-parent\" data-id=\"b8954c2\" data-element_type=\"container\">\n\t\t\t\t\t<div class=\"e-con-inner\">\n\t\t<div class=\"elementor-element elementor-element-558725c4 e-con-full e-flex e-con e-child\" data-id=\"558725c4\" data-element_type=\"container\">\n\t\t\t\t<div class=\"elementor-element elementor-element-62fd762d elementor-widget elementor-widget-heading\" data-id=\"62fd762d\" data-element_type=\"widget\" data-widget_type=\"heading.default\">\n\t\t\t\t<div class=\"elementor-widget-container\">\n\t\t\t\t\t<h2 class=\"elementor-heading-title elementor-size-default\">D\u00f3nde comer cerca de Carmen de los M\u00e1rtires<\/h2>\t\t\t\t<\/div>\n\t\t\t\t<\/div>\n\t\t\t\t<\/div>\n\t\t<div class=\"elementor-element elementor-element-254b16d3 e-con-full e-flex e-con e-child\" data-id=\"254b16d3\" data-element_type=\"container\">\n\t\t\t\t<div class=\"elementor-element elementor-element-2a6eaf9f elementor-widget elementor-widget-text-editor\" data-id=\"2a6eaf9f\" data-element_type=\"widget\" data-widget_type=\"text-editor.default\">\n\t\t\t\t<div class=\"elementor-widget-container\">\n\t\t\t\t\t\t\t\t\t<p>Si despu\u00e9s de tu visita te apetece disfrutar de la gastronom\u00eda local, cerca de Carmen de los M\u00e1rtires encontrar\u00e1s varios restaurantes que destacan por su encanto y calidad:<\/p><p>Mirador de Morayma: Un restaurante con encanto y espectaculares vistas a La Alhambra, ideal para degustar platos t\u00edpicos andaluces.<br \/>Restaurante Carmen Aben Humeya: Ubicado en un carmen tradicional, ofrece cocina de autor con una de las mejores panor\u00e1micas de la ciudad.<br \/>El Huerto de Juan Ranas: Famoso por sus tapas y especialidades granadinas, con una terraza que brinda una vista privilegiada de la Alhambra.<br \/>Ruta del Azafr\u00e1n: Situado a los pies de la Alhambra, destaca por su fusi\u00f3n de cocina mediterr\u00e1nea y \u00e1rabe.<br \/>Tu Escapada de Lujo en el Centro de Granada<\/p><p>Si est\u00e1s buscando una estancia exclusiva en un hotel de lujo en el centro de Granada, Seda Club es la opci\u00f3n perfecta para ti. Ubicado a solo 1,5 km de Carmen de los M\u00e1rtires, este elegante establecimiento ofrece una experiencia sofisticada, con atenci\u00f3n al detalle y un servicio impecable que garantiza una estancia inolvidable.<\/p><p>Adem\u00e1s, si deseas disfrutar de un buen brunch en Granada, el restaurante de Seda Club es una opci\u00f3n inmejorable. Con una propuesta gastron\u00f3mica cuidada y exquisita, este brunch se convierte en el inicio perfecto para tu d\u00eda, ofreci\u00e9ndote una experiencia culinaria que combina sabores locales e internacionales en un ambiente sofisticado.<\/p><p>\u00a1Reserva ya tu estancia en Seda Club y vive una experiencia \u00fanica en el coraz\u00f3n de Granada!<\/p>\t\t\t\t\t\t\t\t<\/div>\n\t\t\t\t<\/div>\n\t\t\t\t<\/div>\n\t\t\t\t\t<\/div>\n\t\t\t\t<\/div>\n\t\t\t\t<\/div>\n\t\t","protected":false},"excerpt":{"rendered":"<p>VOLVER A EXPERIENCIAS EN GRANADA Enclavado en la falda sur de la colina del Mauror, dentro del recinto de La Alhambra, Carmen de los M\u00e1rtires es uno de los jardines m\u00e1s fascinantes de Granada. Sus siete hect\u00e1reas albergan una combinaci\u00f3n de espacios verdes que han evolucionado a lo largo de los siglos, desde su origen [&hellip;]<\/p>\n","protected":false},"featured_media":648,"template":"","meta":{"_acf_changed":false},"categories":[19],"tags":[],"class_list":["post-645","plan","type-plan","status-publish","has-post-thumbnail","hentry","category-cultura"],"acf":[],"yoast_head":"<!-- This site is optimized with the Yoast SEO plugin v25.3 - https:\/\/yoast.com\/wordpress\/plugins\/seo\/ -->\n<title>Un viaje por la historia y la belleza de Carmen de los M\u00e1rtires<\/title>\n<meta name=\"robots\" content=\"index, follow, max-snippet:-1, max-image-preview:large, max-video-preview:-1\" \/>\n<link rel=\"canonical\" href=\"https:\/\/hiddenhotels.com\/seda-club\/plan\/un-viaje-por-la-historia-y-la-belleza-de-carmen-de-los-martires\/\" \/>\n<meta property=\"og:locale\" content=\"es_ES\" \/>\n<meta property=\"og:type\" content=\"article\" \/>\n<meta property=\"og:title\" content=\"Un viaje por la historia y la belleza de Carmen de los M\u00e1rtires\" \/>\n<meta property=\"og:description\" content=\"VOLVER A EXPERIENCIAS EN GRANADA Enclavado en la falda sur de la colina del Mauror, dentro del recinto de La Alhambra, Carmen de los M\u00e1rtires es uno de los jardines m\u00e1s fascinantes de Granada. Sus siete hect\u00e1reas albergan una combinaci\u00f3n de espacios verdes que han evolucionado a lo largo de los siglos, desde su origen [&hellip;]\" \/>\n<meta property=\"og:url\" content=\"https:\/\/hiddenhotels.com\/seda-club\/plan\/un-viaje-por-la-historia-y-la-belleza-de-carmen-de-los-martires\/\" \/>\n<meta property=\"og:site_name\" content=\"Seda Club Hotel\" \/>\n<meta property=\"article:publisher\" content=\"https:\/\/www.facebook.com\/sedaclubhotel\/\" \/>\n<meta property=\"article:modified_time\" content=\"2025-09-22T08:58:12+00:00\" \/>\n<meta property=\"og:image\" content=\"https:\/\/hiddenhotels.com\/seda-club\/wp-content\/uploads\/sites\/6\/2025\/09\/carmen_de_los_martires-2048x1010-2.jpg\" \/>\n\t<meta property=\"og:image:width\" content=\"2048\" \/>\n\t<meta property=\"og:image:height\" content=\"1010\" \/>\n\t<meta property=\"og:image:type\" content=\"image\/jpeg\" \/>\n<meta name=\"twitter:card\" content=\"summary_large_image\" \/>\n<meta name=\"twitter:label1\" content=\"Tiempo de lectura\" \/>\n\t<meta name=\"twitter:data1\" content=\"5 minutos\" \/>\n<script type=\"application\/ld+json\" class=\"yoast-schema-graph\">{\"@context\":\"https:\/\/schema.org\",\"@graph\":[{\"@type\":\"WebPage\",\"@id\":\"https:\/\/hiddenhotels.com\/seda-club\/plan\/un-viaje-por-la-historia-y-la-belleza-de-carmen-de-los-martires\/\",\"url\":\"https:\/\/hiddenhotels.com\/seda-club\/plan\/un-viaje-por-la-historia-y-la-belleza-de-carmen-de-los-martires\/\",\"name\":\"Un viaje por la historia y la belleza de Carmen de los M\u00e1rtires\",\"isPartOf\":{\"@id\":\"https:\/\/hiddenhotels.com\/seda-club\/#website\"},\"primaryImageOfPage\":{\"@id\":\"https:\/\/hiddenhotels.com\/seda-club\/plan\/un-viaje-por-la-historia-y-la-belleza-de-carmen-de-los-martires\/#primaryimage\"},\"image\":{\"@id\":\"https:\/\/hiddenhotels.com\/seda-club\/plan\/un-viaje-por-la-historia-y-la-belleza-de-carmen-de-los-martires\/#primaryimage\"},\"thumbnailUrl\":\"https:\/\/hiddenhotels.com\/seda-club\/wp-content\/uploads\/sites\/6\/2025\/09\/carmen_de_los_martires-2048x1010-2.jpg\",\"datePublished\":\"2025-09-11T09:30:14+00:00\",\"dateModified\":\"2025-09-22T08:58:12+00:00\",\"breadcrumb\":{\"@id\":\"https:\/\/hiddenhotels.com\/seda-club\/plan\/un-viaje-por-la-historia-y-la-belleza-de-carmen-de-los-martires\/#breadcrumb\"},\"inLanguage\":\"es\",\"potentialAction\":[{\"@type\":\"ReadAction\",\"target\":[\"https:\/\/hiddenhotels.com\/seda-club\/plan\/un-viaje-por-la-historia-y-la-belleza-de-carmen-de-los-martires\/\"]}]},{\"@type\":\"ImageObject\",\"inLanguage\":\"es\",\"@id\":\"https:\/\/hiddenhotels.com\/seda-club\/plan\/un-viaje-por-la-historia-y-la-belleza-de-carmen-de-los-martires\/#primaryimage\",\"url\":\"https:\/\/hiddenhotels.com\/seda-club\/wp-content\/uploads\/sites\/6\/2025\/09\/carmen_de_los_martires-2048x1010-2.jpg\",\"contentUrl\":\"https:\/\/hiddenhotels.com\/seda-club\/wp-content\/uploads\/sites\/6\/2025\/09\/carmen_de_los_martires-2048x1010-2.jpg\",\"width\":2048,\"height\":1010},{\"@type\":\"BreadcrumbList\",\"@id\":\"https:\/\/hiddenhotels.com\/seda-club\/plan\/un-viaje-por-la-historia-y-la-belleza-de-carmen-de-los-martires\/#breadcrumb\",\"itemListElement\":[{\"@type\":\"ListItem\",\"position\":1,\"name\":\"Portada\",\"item\":\"https:\/\/hiddenhotels.com\/seda-club\/\"},{\"@type\":\"ListItem\",\"position\":2,\"name\":\"Un viaje por la historia y la belleza de Carmen de los M\u00e1rtires\"}]},{\"@type\":\"WebSite\",\"@id\":\"https:\/\/hiddenhotels.com\/seda-club\/#website\",\"url\":\"https:\/\/hiddenhotels.com\/seda-club\/\",\"name\":\"Seda Club Hotel\",\"description\":\"Seda Club Hotel, hotel 5 estrellas Gran Lujo en el coraz\u00f3n de Granada: 21 habitaciones exquisitas, dise\u00f1o contempor\u00e1neo con toques art deco, spa boutique, restaurante de cocina local, terraza con vistas a la Catedral y ubicaci\u00f3n privilegiada en Plaza de la Trinidad. Vive el lujo con autenticidad.\",\"publisher\":{\"@id\":\"https:\/\/hiddenhotels.com\/seda-club\/#organization\"},\"alternateName\":\"Hotel Seda Club Granada\",\"potentialAction\":[{\"@type\":\"SearchAction\",\"target\":{\"@type\":\"EntryPoint\",\"urlTemplate\":\"https:\/\/hiddenhotels.com\/seda-club\/?s={search_term_string}\"},\"query-input\":{\"@type\":\"PropertyValueSpecification\",\"valueRequired\":true,\"valueName\":\"search_term_string\"}}],\"inLanguage\":\"es\"},{\"@type\":\"Organization\",\"@id\":\"https:\/\/hiddenhotels.com\/seda-club\/#organization\",\"name\":\"Seda Club Hotel\",\"alternateName\":\"Hotel Seda Club - Hidden Hotels\",\"url\":\"https:\/\/hiddenhotels.com\/seda-club\/\",\"logo\":{\"@type\":\"ImageObject\",\"inLanguage\":\"es\",\"@id\":\"https:\/\/hiddenhotels.com\/seda-club\/#\/schema\/logo\/image\/\",\"url\":\"https:\/\/hiddenhotels.com\/seda-club\/wp-content\/uploads\/sites\/6\/2025\/09\/cropped-logoSedaClub-black-favicon.png\",\"contentUrl\":\"https:\/\/hiddenhotels.com\/seda-club\/wp-content\/uploads\/sites\/6\/2025\/09\/cropped-logoSedaClub-black-favicon.png\",\"width\":512,\"height\":512,\"caption\":\"Seda Club Hotel\"},\"image\":{\"@id\":\"https:\/\/hiddenhotels.com\/seda-club\/#\/schema\/logo\/image\/\"},\"sameAs\":[\"https:\/\/www.facebook.com\/sedaclubhotel\/\",\"https:\/\/www.instagram.com\/sedaclubhotel\/\"]}]}<\/script>\n<!-- \/ Yoast SEO plugin. -->","yoast_head_json":{"title":"Un viaje por la historia y la belleza de Carmen de los M\u00e1rtires","robots":{"index":"index","follow":"follow","max-snippet":"max-snippet:-1","max-image-preview":"max-image-preview:large","max-video-preview":"max-video-preview:-1"},"canonical":"https:\/\/hiddenhotels.com\/seda-club\/plan\/un-viaje-por-la-historia-y-la-belleza-de-carmen-de-los-martires\/","og_locale":"es_ES","og_type":"article","og_title":"Un viaje por la historia y la belleza de Carmen de los M\u00e1rtires","og_description":"VOLVER A EXPERIENCIAS EN GRANADA Enclavado en la falda sur de la colina del Mauror, dentro del recinto de La Alhambra, Carmen de los M\u00e1rtires es uno de los jardines m\u00e1s fascinantes de Granada. Sus siete hect\u00e1reas albergan una combinaci\u00f3n de espacios verdes que han evolucionado a lo largo de los siglos, desde su origen [&hellip;]","og_url":"https:\/\/hiddenhotels.com\/seda-club\/plan\/un-viaje-por-la-historia-y-la-belleza-de-carmen-de-los-martires\/","og_site_name":"Seda Club Hotel","article_publisher":"https:\/\/www.facebook.com\/sedaclubhotel\/","article_modified_time":"2025-09-22T08:58:12+00:00","og_image":[{"width":2048,"height":1010,"url":"https:\/\/hiddenhotels.com\/seda-club\/wp-content\/uploads\/sites\/6\/2025\/09\/carmen_de_los_martires-2048x1010-2.jpg","type":"image\/jpeg"}],"twitter_card":"summary_large_image","twitter_misc":{"Tiempo de lectura":"5 minutos"},"schema":{"@context":"https:\/\/schema.org","@graph":[{"@type":"WebPage","@id":"https:\/\/hiddenhotels.com\/seda-club\/plan\/un-viaje-por-la-historia-y-la-belleza-de-carmen-de-los-martires\/","url":"https:\/\/hiddenhotels.com\/seda-club\/plan\/un-viaje-por-la-historia-y-la-belleza-de-carmen-de-los-martires\/","name":"Un viaje por la historia y la belleza de Carmen de los M\u00e1rtires","isPartOf":{"@id":"https:\/\/hiddenhotels.com\/seda-club\/#website"},"primaryImageOfPage":{"@id":"https:\/\/hiddenhotels.com\/seda-club\/plan\/un-viaje-por-la-historia-y-la-belleza-de-carmen-de-los-martires\/#primaryimage"},"image":{"@id":"https:\/\/hiddenhotels.com\/seda-club\/plan\/un-viaje-por-la-historia-y-la-belleza-de-carmen-de-los-martires\/#primaryimage"},"thumbnailUrl":"https:\/\/hiddenhotels.com\/seda-club\/wp-content\/uploads\/sites\/6\/2025\/09\/carmen_de_los_martires-2048x1010-2.jpg","datePublished":"2025-09-11T09:30:14+00:00","dateModified":"2025-09-22T08:58:12+00:00","breadcrumb":{"@id":"https:\/\/hiddenhotels.com\/seda-club\/plan\/un-viaje-por-la-historia-y-la-belleza-de-carmen-de-los-martires\/#breadcrumb"},"inLanguage":"es","potentialAction":[{"@type":"ReadAction","target":["https:\/\/hiddenhotels.com\/seda-club\/plan\/un-viaje-por-la-historia-y-la-belleza-de-carmen-de-los-martires\/"]}]},{"@type":"ImageObject","inLanguage":"es","@id":"https:\/\/hiddenhotels.com\/seda-club\/plan\/un-viaje-por-la-historia-y-la-belleza-de-carmen-de-los-martires\/#primaryimage","url":"https:\/\/hiddenhotels.com\/seda-club\/wp-content\/uploads\/sites\/6\/2025\/09\/carmen_de_los_martires-2048x1010-2.jpg","contentUrl":"https:\/\/hiddenhotels.com\/seda-club\/wp-content\/uploads\/sites\/6\/2025\/09\/carmen_de_los_martires-2048x1010-2.jpg","width":2048,"height":1010},{"@type":"BreadcrumbList","@id":"https:\/\/hiddenhotels.com\/seda-club\/plan\/un-viaje-por-la-historia-y-la-belleza-de-carmen-de-los-martires\/#breadcrumb","itemListElement":[{"@type":"ListItem","position":1,"name":"Portada","item":"https:\/\/hiddenhotels.com\/seda-club\/"},{"@type":"ListItem","position":2,"name":"Un viaje por la historia y la belleza de Carmen de los M\u00e1rtires"}]},{"@type":"WebSite","@id":"https:\/\/hiddenhotels.com\/seda-club\/#website","url":"https:\/\/hiddenhotels.com\/seda-club\/","name":"Seda Club Hotel","description":"Seda Club Hotel, hotel 5 estrellas Gran Lujo en el coraz\u00f3n de Granada: 21 habitaciones exquisitas, dise\u00f1o contempor\u00e1neo con toques art deco, spa boutique, restaurante de cocina local, terraza con vistas a la Catedral y ubicaci\u00f3n privilegiada en Plaza de la Trinidad. Vive el lujo con autenticidad.","publisher":{"@id":"https:\/\/hiddenhotels.com\/seda-club\/#organization"},"alternateName":"Hotel Seda Club Granada","potentialAction":[{"@type":"SearchAction","target":{"@type":"EntryPoint","urlTemplate":"https:\/\/hiddenhotels.com\/seda-club\/?s={search_term_string}"},"query-input":{"@type":"PropertyValueSpecification","valueRequired":true,"valueName":"search_term_string"}}],"inLanguage":"es"},{"@type":"Organization","@id":"https:\/\/hiddenhotels.com\/seda-club\/#organization","name":"Seda Club Hotel","alternateName":"Hotel Seda Club - Hidden Hotels","url":"https:\/\/hiddenhotels.com\/seda-club\/","logo":{"@type":"ImageObject","inLanguage":"es","@id":"https:\/\/hiddenhotels.com\/seda-club\/#\/schema\/logo\/image\/","url":"https:\/\/hiddenhotels.com\/seda-club\/wp-content\/uploads\/sites\/6\/2025\/09\/cropped-logoSedaClub-black-favicon.png","contentUrl":"https:\/\/hiddenhotels.com\/seda-club\/wp-content\/uploads\/sites\/6\/2025\/09\/cropped-logoSedaClub-black-favicon.png","width":512,"height":512,"caption":"Seda Club Hotel"},"image":{"@id":"https:\/\/hiddenhotels.com\/seda-club\/#\/schema\/logo\/image\/"},"sameAs":["https:\/\/www.facebook.com\/sedaclubhotel\/","https:\/\/www.instagram.com\/sedaclubhotel\/"]}]}},"_links":{"self":[{"href":"https:\/\/hiddenhotels.com\/seda-club\/wp-json\/wp\/v2\/plan\/645","targetHints":{"allow":["GET"]}}],"collection":[{"href":"https:\/\/hiddenhotels.com\/seda-club\/wp-json\/wp\/v2\/plan"}],"about":[{"href":"https:\/\/hiddenhotels.com\/seda-club\/wp-json\/wp\/v2\/types\/plan"}],"version-history":[{"count":13,"href":"https:\/\/hiddenhotels.com\/seda-club\/wp-json\/wp\/v2\/plan\/645\/revisions"}],"predecessor-version":[{"id":1964,"href":"https:\/\/hiddenhotels.com\/seda-club\/wp-json\/wp\/v2\/plan\/645\/revisions\/1964"}],"wp:featuredmedia":[{"embeddable":true,"href":"https:\/\/hiddenhotels.com\/seda-club\/wp-json\/wp\/v2\/media\/648"}],"wp:attachment":[{"href":"https:\/\/hiddenhotels.com\/seda-club\/wp-json\/wp\/v2\/media?parent=645"}],"wp:term":[{"taxonomy":"category","embeddable":true,"href":"https:\/\/hiddenhotels.com\/seda-club\/wp-json\/wp\/v2\/categories?post=645"},{"taxonomy":"post_tag","embeddable":true,"href":"https:\/\/hiddenhotels.com\/seda-club\/wp-json\/wp\/v2\/tags?post=645"}],"curies":[{"name":"wp","href":"https:\/\/api.w.org\/{rel}","templated":true}]}}